{"id":25,"date":"2018-02-03T16:33:09","date_gmt":"2018-02-03T15:33:09","guid":{"rendered":"http:\/\/www.blandinetamagna.com\/?page_id=25"},"modified":"2024-11-15T15:21:25","modified_gmt":"2024-11-15T14:21:25","slug":"about","status":"publish","type":"page","link":"https:\/\/www.blandinetamagna.com\/index.php\/about\/","title":{"rendered":"\u00c0 PROPOS"},"content":{"rendered":"<p><img loading=\"lazy\" decoding=\"async\" class=\"aligncenter wp-image-488 size-medium\" src=\"http:\/\/www.blandinetamagna.com\/wp-content\/uploads\/2024\/11\/Blandine-Tamagna_profil-300x300.png\" alt=\"\" width=\"300\" height=\"300\" srcset=\"https:\/\/www.blandinetamagna.com\/wp-content\/uploads\/2024\/11\/Blandine-Tamagna_profil-300x300.png 300w, https:\/\/www.blandinetamagna.com\/wp-content\/uploads\/2024\/11\/Blandine-Tamagna_profil-150x150.png 150w, https:\/\/www.blandinetamagna.com\/wp-content\/uploads\/2024\/11\/Blandine-Tamagna_profil.png 400w\" sizes=\"auto, (max-width: 300px) 100vw, 300px\" \/><\/p>\n<p style=\"text-align: center;\">Blandine Tamagna est graphiste \u00e0 Paris depuis 2014.<\/p>\n<p style=\"text-align: center;\">Elle est dipl\u00f4m\u00e9e avec mention de LISAA (L\u2019Institut Sup\u00e9rieur des Arts Appliqu\u00e9s). Apr\u00e8s ce dipl\u00f4me de designer graphique, elle s&rsquo;est sp\u00e9cialis\u00e9e en Web et Motion Design avec une ann\u00e9e post-dipl\u00f4me \u00e0 l\u2019EPSAA (\u00c9cole Professionnelle Sup\u00e9rieure d\u2019Arts Graphiques de la Ville de Paris localis\u00e9e \u00e0 Ivry-sur-Seine).<\/p>\n<p style=\"text-align: center;\">Elle a fortement appr\u00e9ci\u00e9 cette ann\u00e9e de sp\u00e9cialisation num\u00e9rique mais elle reste tout de m\u00eame extr\u00eamement attir\u00e9e par tout ce qui touche le design \u00e9ditorial (beaux livres, identit\u00e9 visuelle, charte graphique, packaging, supports marketing).<\/p>\n<p style=\"text-align: center;\">+33(0)681737457<\/p>\n<p style=\"text-align: center;\">blandinetamagna[at]gmail.com<\/p>\n","protected":false},"excerpt":{"rendered":"<p>Blandine Tamagna est graphiste \u00e0 Paris depuis 2014. Elle est dipl\u00f4m\u00e9e avec mention de LISAA (L\u2019Institut Sup\u00e9rieur des Arts Appliqu\u00e9s). Apr\u00e8s ce dipl\u00f4me de designer graphique, elle s&rsquo;est sp\u00e9cialis\u00e9e en Web et Motion Design avec une ann\u00e9e post-dipl\u00f4me \u00e0 l\u2019EPSAA (\u00c9cole Professionnelle Sup\u00e9rieure d\u2019Arts Graphiques de la Ville de Paris localis\u00e9e \u00e0 Ivry-sur-Seine). Elle a [&hellip;]<\/p>\n","protected":false},"author":1,"featured_media":0,"parent":0,"menu_order":0,"comment_status":"closed","ping_status":"closed","template":"","meta":{"ngg_post_thumbnail":0,"footnotes":""},"class_list":["post-25","page","type-page","status-publish","hentry","missing-thumbnail"],"_links":{"self":[{"href":"https:\/\/www.blandinetamagna.com\/index.php\/wp-json\/wp\/v2\/pages\/25","targetHints":{"allow":["GET"]}}],"collection":[{"href":"https:\/\/www.blandinetamagna.com\/index.php\/wp-json\/wp\/v2\/pages"}],"about":[{"href":"https:\/\/www.blandinetamagna.com\/index.php\/wp-json\/wp\/v2\/types\/page"}],"author":[{"embeddable":true,"href":"https:\/\/www.blandinetamagna.com\/index.php\/wp-json\/wp\/v2\/users\/1"}],"replies":[{"embeddable":true,"href":"https:\/\/www.blandinetamagna.com\/index.php\/wp-json\/wp\/v2\/comments?post=25"}],"version-history":[{"count":10,"href":"https:\/\/www.blandinetamagna.com\/index.php\/wp-json\/wp\/v2\/pages\/25\/revisions"}],"predecessor-version":[{"id":489,"href":"https:\/\/www.blandinetamagna.com\/index.php\/wp-json\/wp\/v2\/pages\/25\/revisions\/489"}],"wp:attachment":[{"href":"https:\/\/www.blandinetamagna.com\/index.php\/wp-json\/wp\/v2\/media?parent=25"}],"curies":[{"name":"wp","href":"https:\/\/api.w.org\/{rel}","templated":true}]}}